{"id":2863,"date":"2020-11-11T09:15:02","date_gmt":"2020-11-11T07:15:02","guid":{"rendered":"https:\/\/timf.upg-ploiesti.ro\/ls\/?page_id=2863"},"modified":"2020-11-11T15:26:57","modified_gmt":"2020-11-11T13:26:57","slug":"departamentul-stiintele-educatiei","status":"publish","type":"page","link":"https:\/\/timf.upg-ploiesti.ro\/ls\/prezentare\/departamente\/departamentul-stiintele-educatiei\/","title":{"rendered":"Departamentul \u0218tiin\u021bele Educa\u021biei"},"content":{"rendered":"<h5><strong>Prezentarea Departamentului \u0218tiin\u021bele Educa\u021biei<\/strong><\/h5>\n<p style=\"text-align: justify;\">\u00a0 \u00a0Departamentul\u00a0\u015eTIINTELE EDUCA\u0162IEI\u00a0a luat fiin\u021b\u0103 prin hot\u0103r\u00e2rea Senatului nr. 1720\/11.07.2011 ce prevedea modificarea organigramei Universit\u0103\u0163ii Petrol-Gaze. Acesta s-a constituit prin desfiin\u021barea Catedrei de \u015eTIIN\u0162ELE EDUCA\u0162IEI, catedr\u0103 ce coordona, la acel moment, dou\u0103 programe de studii de licen\u021b\u0103 PEDAGOGIE \u015fi PEDAGOGIA \u00ceNV\u0102\u0162\u0102M\u00c2NTULUI \u00a0PRIMAR \u015eI PRE\u015eCOLAR\u00a0\u015fi trei programe de studii de master:\u00a0MANAGEMENT EDUCA\u0162IONAL \u015eI INTEGRARE EUROPEAN\u0102, CONSILIERE \u015eCOLAR\u0102 \u015eI DEZVOLTAREA CARIEREI\u00a0\u015fi\u00a0MASTERPROF &#8211;\u00a0PROFESORI COMPETEN\u0162I PENTRU SOCIETATEA CUNOA\u015eTERII\u00a0\u00a0(DIDACTIC\u0102 \u015eI DIDACTICI DE SPECIALITATE), organizate \u00een domeniul fundamental\u00a0\u015eTIIN\u0162E ALE EDUCA\u0162IEI,\u00a0\u00een cadrul Facult\u0103\u0163ii de Litere \u015fi \u015etiin\u0163e.<\/p>\n<p style=\"text-align: justify;\">\u00a0 \u00a0 \u00cencep\u00e2nd cu anul universitar 2014-2015, conform hot\u0103r\u00e2rii Senatului 245\/06.03.2014 privind reorganizarea Facult\u0103\u0163ii de \u015etiin\u0163e Economice, Departamentului \u015etiin\u0163ele Educa\u0163iei i s-a al\u0103turat colectivul de \u015etiin\u0163e Juridice \u015fi Administrative.<\/p>\n<p>\u00cen prezent, departamentul este coordonator a patru programe de studii de <strong>licen\u0163\u0103:<\/strong><\/p>\n<ul>\n<li>ADMINISTRA\u0162IE PUBLIC\u0102;<\/li>\n<li>ASISTEN\u0162\u0102 MANAGERIAL\u0102 \u015eI ADMINISTRATIV\u0102;<\/li>\n<li>PEDAGOGIE;<\/li>\n<li>PEDAGOGIA \u00ceNV\u0102\u0162\u0102M\u00c2NTULUI PRIMAR \u015eI PRE\u015eCOLAR;<\/li>\n<\/ul>\n<p>\u015fi trei programe de studii de <strong>master<\/strong>:<\/p>\n<ul>\n<li>ADMINISTRA\u0162IE PUBLIC\u0102 \u015eI INTEGRARE EUROPEAN\u0102;<\/li>\n<li style=\"text-align: justify;\">CONSILIERE \u015eCOLAR\u0102 \u015eI DEZVOLTAREA CARIEREI;<\/li>\n<li>MANAGEMENT EDUCA\u0162IONAL \u015eI INTEGRARE EUROPEAN\u0102.<\/li>\n<\/ul>\n<p style=\"text-align: justify;\">Totodat\u0103, Departamentul \u015etiin\u0163ele Educa\u0163iei coordoneaz\u0103 derularea a trei programe de formare continu\u0103 acredidate CNFPIP:<\/p>\n<ul>\n<li style=\"text-align: justify;\"><em>Provoc\u0103ri \u015fi constr\u00e2ngeri \u00een educa\u0163ia nonformal\u0103<\/em>;<\/li>\n<li style=\"text-align: justify;\"><em>Facilitarea \u00eenv\u0103\u0163\u0103rii elevilor: deprinderi fundamentale, strategii didactice<\/em>;<\/li>\n<li style=\"text-align: justify;\"><em>Dezvoltarea competen\u0163elor de cercetare a cadrelor didactice \u00een vederea gradului didactic I.<\/em><\/li>\n<\/ul>\n<p style=\"text-align: justify;\">\u00a0 \u00a0 \u00a0 Direc\u021biile de cercetare ale membrilor departamentului sunt \u00een domeniile <em>\u015etiin\u0163e ale educa\u0163iei<\/em>, <em>Psihologie \u015fi \u015ftiin\u0163e comportamentale<\/em>, <em>\u015etiin\u0163e juridice<\/em>, iar rezultatele cercet\u0103rilor sunt publicate \u00een articole \u0219tiin\u021bifice, c\u0103r\u021bi sau prezentate la manifest\u0103ri \u0219tiin\u021bifice de prestigiu din \u021bar\u0103 \u015fi din str\u0103in\u0103tate.<\/p>\n<p style=\"text-align: justify;\">\u00a0 \u00a0 \u00a0 \u00a0 \u00a0\u00cen cadrul departamentului se deruleaz\u0103 proiecte de cercetare, dezvoltare \u0219i inovare cu implicarea cadrelor didactice, dar \u015fi a studen\u021bilor \u0219i masteranzilor.<\/p>\n<p style=\"text-align: justify;\">\u00a0 \u00a0 Departamentul \u015eTIINTELE EDUCA\u0162IEI\u00a0 colaboreaz\u0103 cu universit\u0103\u021bi \u0219i institute de cercetare \u0219i organizeaz\u0103 periodic conferin\u021be, workshop-uri \u0219i alte manifest\u0103ri \u0219tiin\u021bifice na\u021bionale \u015fi interna\u021bionale (\u201c<strong><em>Education and Psychology Challenges &#8211; Teachers for the Knowledge Society\u201d<\/em><\/strong><strong>)<em>.<\/em><\/strong><\/p>\n<h5 style=\"text-align: justify;\">\u00a0Conducerea departamentului<\/h5>\n<table>\n<tbody>\n<tr>\n<td>Director departament<\/td>\n<td>Conf. univ. dr.\u00a0 Safta Cristina Georgiana<\/td>\n<\/tr>\n<tr>\n<td>Consiliul departamentului<\/td>\n<td>Prof. univ. dr. Suditu Mihaela<br \/>\nConf. univ. dr. M\u0103rg\u0103ri\u021boiu Alina<br \/>\nConf. univ. dr. Apostolache Mihaela Adina<br \/>\nLector univ. dr. Grigorescu Drago\u015f<\/td>\n<\/tr>\n<\/tbody>\n<\/table>\n<h5>Lista cadrelor didactice<\/h5>\n<table>\n<tbody>\n<tr>\n<td>Conf. univ. dr. Safta Cristina Georgiana<\/td>\n<td>crystyne_s@yahoo.com<\/td>\n<\/tr>\n<tr>\n<td>Prof. univ. dr. Stan Emil<\/td>\n<td>estan10@yahoo.com<\/td>\n<\/tr>\n<tr>\n<td>Prof. univ. dr. Suditu Mihaela<\/td>\n<td>msuditu@yahoo.com<\/td>\n<\/tr>\n<tr>\n<td>Prof. univ. dr. Singer Mihaela Florence<\/td>\n<td>mikisinger@gmail.com<\/td>\n<\/tr>\n<tr>\n<td>Prof. univ. dr. Vasile Cristian<\/td>\n<td>clinical_psycho@yahoo.com<\/td>\n<\/tr>\n<tr>\n<td>Prof. univ. dr. Calcan Gheorghe<\/td>\n<td>calcangheorghe@yahoo.com<\/td>\n<\/tr>\n<tr>\n<td>Conf. univ. dr. M\u0103rg\u0103ri\u0163oiu Alina<\/td>\n<td>alinapetrescu1@yahoo.com<\/td>\n<\/tr>\n<tr>\n<td>Conf.\u00a0 univ. dr. Apostolache Mihai Cristian<\/td>\n<td>mihaiapostolache5@yahoo.com<\/td>\n<\/tr>\n<tr>\n<td>Conf.\u00a0 univ. dr. Apostolache Mihaela Adina<\/td>\n<td>mihapostolache@yahoo.com<\/td>\n<\/tr>\n<tr>\n<td>Conf. univ. dr. Iurea Corina<\/td>\n<td>corinaiurea@yahoo.com<\/td>\n<\/tr>\n<tr>\n<td>Conf.\u00a0 univ. dr. Szekely C\u0103t\u0103lina \u015etefania<\/td>\n<td>catalinaupg@yahoo.com<\/td>\n<\/tr>\n<tr>\n<td>Lector\u00a0 univ. dr. Volosevici Dana<\/td>\n<td>dana.volosevici@vplaw.ro<\/td>\n<\/tr>\n<tr>\n<td>Lector\u00a0 univ. dr. R\u0103dulescu Drago\u015f Lucian<\/td>\n<td>dragosradulescu@hotmail.com<\/td>\n<\/tr>\n<tr>\n<td>Conf. univ. dr. Vieriu Eufemia<\/td>\n<td>eufemia_vieriu@yahoo.com<\/td>\n<\/tr>\n<tr>\n<td>Lector univ. dr. Grigorescu Drago\u015f<\/td>\n<td>dragos_grigorescu77@yahoo.com<\/td>\n<\/tr>\n<tr>\n<td>Lector univ. dr. Stan Angela<\/td>\n<td>lungu_angela@yahoo.com<\/td>\n<\/tr>\n<tr>\n<td>Asist. univ. dr.\u00a0 Mihai Claudia Elena<\/td>\n<td>claudia.mihai29@yahoo.com<\/td>\n<\/tr>\n<\/tbody>\n<\/table>\n<h5>\u00a0Profesori consultan\u021bi<\/h5>\n<table>\n<tbody>\n<tr>\n<td>Ioni\u021b\u0103 Iulia Adelina<\/td>\n<td>adelinaiulia.ionita@yahoo.com<\/td>\n<\/tr>\n<tr>\n<td>Bucur Silviu Ciprian<\/td>\n<td>s_bucur_2004@yahoo.com<\/td>\n<\/tr>\n<tr>\n<td>Herseni Ioana Ana Maria<\/td>\n<td>ioana_herseni@yahoo.com<\/td>\n<\/tr>\n<\/tbody>\n<\/table>\n<h5>Personal didactic auxiliar<\/h5>\n<table style=\"height: 41px;\" width=\"423\">\n<tbody>\n<tr>\n<td>Neagu Iuliana<\/td>\n<td>neagu.iuliana72@yahoo.com<\/td>\n<\/tr>\n<\/tbody>\n<\/table>\n<h6>Contact<\/h6>\n<ul>\n<li>site-ul departamentului:\u00a0<a href=\"http:\/\/dse.upg-ploiesti.ro\">http:\/\/dse.upg-ploiesti.ro<\/a><\/li>\n<li>Pagina de Facebook:\u00a0h<a href=\"https:\/\/www.facebook.com\/DSELSUPG\">ttps:\/\/www.facebook.com\/DSELSUPG<\/a><\/li>\n<\/ul>\n","protected":false},"excerpt":{"rendered":"<p>Prezentarea Departamentului \u0218tiin\u021bele Educa\u021biei \u00a0 \u00a0Departamentul\u00a0\u015eTIINTELE EDUCA\u0162IEI\u00a0a luat fiin\u021b\u0103 prin hot\u0103r\u00e2rea Senatului nr. 1720\/11.07.2011 ce prevedea modificarea organigramei Universit\u0103\u0163ii Petrol-Gaze. Acesta s-a constituit prin desfiin\u021barea Catedrei de \u015eTIIN\u0162ELE EDUCA\u0162IEI, catedr\u0103 ce coordona, la acel moment, dou\u0103 programe de studii de licen\u021b\u0103 PEDAGOGIE \u015fi PEDAGOGIA \u00ceNV\u0102\u0162\u0102M\u00c2NTULUI \u00a0PRIMAR \u015eI PRE\u015eCOLAR\u00a0\u015fi trei programe de studii de master:\u00a0MANAGEMENT EDUCA\u0162IONAL &hellip; <a href=\"https:\/\/timf.upg-ploiesti.ro\/ls\/prezentare\/departamente\/departamentul-stiintele-educatiei\/\" class=\"more-link\">Continue reading <span class=\"screen-reader-text\">Departamentul \u0218tiin\u021bele Educa\u021biei<\/span> <span class=\"meta-nav\">&rarr;<\/span><\/a><\/p>\n","protected":false},"author":3,"featured_media":0,"parent":2852,"menu_order":0,"comment_status":"closed","ping_status":"closed","template":"","meta":[],"_links":{"self":[{"href":"https:\/\/timf.upg-ploiesti.ro\/ls\/wp-json\/wp\/v2\/pages\/2863"}],"collection":[{"href":"https:\/\/timf.upg-ploiesti.ro\/ls\/wp-json\/wp\/v2\/pages"}],"about":[{"href":"https:\/\/timf.upg-ploiesti.ro\/ls\/wp-json\/wp\/v2\/types\/page"}],"author":[{"embeddable":true,"href":"https:\/\/timf.upg-ploiesti.ro\/ls\/wp-json\/wp\/v2\/users\/3"}],"replies":[{"embeddable":true,"href":"https:\/\/timf.upg-ploiesti.ro\/ls\/wp-json\/wp\/v2\/comments?post=2863"}],"version-history":[{"count":8,"href":"https:\/\/timf.upg-ploiesti.ro\/ls\/wp-json\/wp\/v2\/pages\/2863\/revisions"}],"predecessor-version":[{"id":2901,"href":"https:\/\/timf.upg-ploiesti.ro\/ls\/wp-json\/wp\/v2\/pages\/2863\/revisions\/2901"}],"up":[{"embeddable":true,"href":"https:\/\/timf.upg-ploiesti.ro\/ls\/wp-json\/wp\/v2\/pages\/2852"}],"wp:attachment":[{"href":"https:\/\/timf.upg-ploiesti.ro\/ls\/wp-json\/wp\/v2\/media?parent=2863"}],"curies":[{"name":"wp","href":"https:\/\/api.w.org\/{rel}","templated":true}]}}